{"id":46,"date":"2024-12-03T09:07:50","date_gmt":"2024-12-03T12:07:50","guid":{"rendered":"https:\/\/repositorio.ippdh.mercosur.int\/dialogo\/?page_id=46"},"modified":"2025-09-22T16:41:16","modified_gmt":"2025-09-22T19:41:16","slug":"propuestas","status":"publish","type":"page","link":"https:\/\/dialogosocial.ippdh.mercosur.int\/pt\/propuestas\/","title":{"rendered":"Propostas"},"content":{"rendered":"<div class=\"wp-block-columns is-layout-flex wp-container-core-columns-is-layout-9d6595d7 wp-block-columns-is-layout-flex\">\n<div class=\"wp-block-column is-layout-flow wp-block-column-is-layout-flow\" style=\"flex-basis:33.33%\">\n<div class=\"wp-block-group is-nowrap is-layout-flex wp-container-core-group-is-layout-ad2f72ca wp-block-group-is-layout-flex\"><form data-sf-form-id='18943' data-is-rtl='0' data-maintain-state='' data-ajax-url='https:\/\/dialogosocial.ippdh.mercosur.int\/pt\/?sfid=18943&amp;sf_action=get_data&amp;sf_data=all' data-ajax-form-url='https:\/\/dialogosocial.ippdh.mercosur.int\/pt\/?sfid=18943&amp;sf_action=get_data&amp;sf_data=form' data-display-result-method='shortcode' data-use-history-api='1' data-template-loaded='0' data-lang-code='pt' data-ajax='1' data-ajax-data-type='json' data-ajax-links-selector='.pagination a' data-ajax-target='#search-filter-results-18943' data-ajax-pagination-type='normal' data-update-ajax-url='0' data-only-results-ajax='0' data-scroll-to-pos='form' data-scroll-on-action='all' data-init-paged='1' data-auto-update='1' data-auto-count='1' data-auto-count-refresh-mode='1' action='' method='post' class='searchandfilter' id='search-filter-form-18943' autocomplete='off' data-instance-count='1' data-trp-original-action=\"\"><ul><li class=\"sf-field-search\" data-sf-field-name=\"search\" data-sf-field-type=\"search\" data-sf-field-input-type=\"\">\t\t<label>\n\t\t\t\t   <input placeholder=\"Buscar \u2026\" name=\"_sf_search[]\" class=\"sf-input-text\" type=\"text\" value=\"\" title=\"\"><\/label>\t\t<\/li><li class=\"sf-field-taxonomy-poblacion\" data-sf-field-name=\"_sft_poblacion\" data-sf-field-type=\"taxonomy\" data-sf-field-input-type=\"checkbox\"><h4>Poblaci\u00f3n Objetivo<\/h4>\t\t<ul data-operator=\"and\" class=\"\">\n\t\t\t\t\t  <li class=\"sf-level-0 sf-item-187\" data-sf-count=\"94\" data-sf-depth=\"0\"><input  class=\"sf-input-checkbox\" type=\"checkbox\" value=\"afrodescendientes\" name=\"_sft_poblacion[]\" id=\"sf-input-a4dd8cb36c3aef1092f71487a024ca88\"><label class=\"sf-label-checkbox\" for=\"sf-input-a4dd8cb36c3aef1092f71487a024ca88\">Afrodescendientes<span class=\"sf-count\">(94)<\/span><\/label><\/li><li class=\"sf-level-0 sf-item-198\" data-sf-count=\"4\" data-sf-depth=\"0\"><input  class=\"sf-input-checkbox\" type=\"checkbox\" value=\"comunidades-afectadas-por-contextos-criticos\" name=\"_sft_poblacion[]\" id=\"sf-input-6998ef9641024c0ffd83e022c6a5495f\"><label class=\"sf-label-checkbox\" for=\"sf-input-6998ef9641024c0ffd83e022c6a5495f\">Comunidades afectadas por contextos cr\u00edticos<span class=\"sf-count\">(4)<\/span><\/label><\/li><li class=\"sf-level-0 sf-item-178\" data-sf-count=\"39\" data-sf-depth=\"0\"><input  class=\"sf-input-checkbox\" type=\"checkbox\" value=\"comunidades-tradicionales\" name=\"_sft_poblacion[]\" id=\"sf-input-db763152eca8d7ebfaef34f5aa882990\"><label class=\"sf-label-checkbox\" for=\"sf-input-db763152eca8d7ebfaef34f5aa882990\">Comunidades tradicionales<span class=\"sf-count\">(39)<\/span><\/label><\/li><li class=\"sf-level-0 sf-item-202\" data-sf-count=\"3\" data-sf-depth=\"0\"><input  class=\"sf-input-checkbox\" type=\"checkbox\" value=\"defensores-y-defensoras-de-dh\" name=\"_sft_poblacion[]\" id=\"sf-input-6dd4919bc9de928152fbd9de1d6ddfe7\"><label class=\"sf-label-checkbox\" for=\"sf-input-6dd4919bc9de928152fbd9de1d6ddfe7\">Defensores y defensoras de DH<span class=\"sf-count\">(3)<\/span><\/label><\/li><li class=\"sf-level-0 sf-item-180\" data-sf-count=\"79\" data-sf-depth=\"0\"><input  class=\"sf-input-checkbox\" type=\"checkbox\" value=\"lgbtqia\" name=\"_sft_poblacion[]\" id=\"sf-input-3a87d15654cac10345a997fd29372bf9\"><label class=\"sf-label-checkbox\" for=\"sf-input-3a87d15654cac10345a997fd29372bf9\">LGBTQIA+<span class=\"sf-count\">(79)<\/span><\/label><\/li><li class=\"sf-level-0 sf-item-269\" data-sf-count=\"75\" data-sf-depth=\"0\"><input  class=\"sf-input-checkbox\" type=\"checkbox\" value=\"migrantes-y-desplazados\" name=\"_sft_poblacion[]\" id=\"sf-input-0b762443f8b7d0477a59988cd397df7a\"><label class=\"sf-label-checkbox\" for=\"sf-input-0b762443f8b7d0477a59988cd397df7a\">Migrantes y desplazados<span class=\"sf-count\">(75)<\/span><\/label><\/li><li class=\"sf-level-0 sf-item-181\" data-sf-count=\"67\" data-sf-depth=\"0\"><input  class=\"sf-input-checkbox\" type=\"checkbox\" value=\"mujeres\" name=\"_sft_poblacion[]\" id=\"sf-input-ae721cb301666173f0cbef923b1102a1\"><label class=\"sf-label-checkbox\" for=\"sf-input-ae721cb301666173f0cbef923b1102a1\">Mujeres<span class=\"sf-count\">(67)<\/span><\/label><\/li><li class=\"sf-level-0 sf-item-268\" data-sf-count=\"142\" data-sf-depth=\"0\"><input  class=\"sf-input-checkbox\" type=\"checkbox\" value=\"ninos-ninas-y-adolescentes\" name=\"_sft_poblacion[]\" id=\"sf-input-2b71eae9cfeb667a7b09cdca6d7e20a4\"><label class=\"sf-label-checkbox\" for=\"sf-input-2b71eae9cfeb667a7b09cdca6d7e20a4\">Ni\u00f1os, ni\u00f1as y adolescentes<span class=\"sf-count\">(142)<\/span><\/label><\/li><li class=\"sf-level-0 sf-item-204\" data-sf-count=\"2\" data-sf-depth=\"0\"><input  class=\"sf-input-checkbox\" type=\"checkbox\" value=\"personas-con-consumo-problematico\" name=\"_sft_poblacion[]\" id=\"sf-input-d643e6446e1740b2358ff0a561d060f2\"><label class=\"sf-label-checkbox\" for=\"sf-input-d643e6446e1740b2358ff0a561d060f2\">Personas con consumo problem\u00e1tico<span class=\"sf-count\">(2)<\/span><\/label><\/li><li class=\"sf-level-0 sf-item-193\" data-sf-count=\"11\" data-sf-depth=\"0\"><input  class=\"sf-input-checkbox\" type=\"checkbox\" value=\"personas-con-discapacidad\" name=\"_sft_poblacion[]\" id=\"sf-input-8b91d9359eae4f3d3e6834f72d5ba9d2\"><label class=\"sf-label-checkbox\" for=\"sf-input-8b91d9359eae4f3d3e6834f72d5ba9d2\">Personas con discapacidad<span class=\"sf-count\">(11)<\/span><\/label><\/li><li class=\"sf-level-0 sf-item-197\" data-sf-count=\"5\" data-sf-depth=\"0\"><input  class=\"sf-input-checkbox\" type=\"checkbox\" value=\"personas-con-vih-sida\" name=\"_sft_poblacion[]\" id=\"sf-input-f85d17fa574e32c16b0019b6acc472a3\"><label class=\"sf-label-checkbox\" for=\"sf-input-f85d17fa574e32c16b0019b6acc472a3\">Personas con VIH\/SIDA<span class=\"sf-count\">(5)<\/span><\/label><\/li><li class=\"sf-level-0 sf-item-183\" data-sf-count=\"2\" data-sf-depth=\"0\"><input  class=\"sf-input-checkbox\" type=\"checkbox\" value=\"personas-desaparecidas\" name=\"_sft_poblacion[]\" id=\"sf-input-cbe4d6a2a82c425dfc23da08a5105910\"><label class=\"sf-label-checkbox\" for=\"sf-input-cbe4d6a2a82c425dfc23da08a5105910\">Personas desaparecidas<span class=\"sf-count\">(2)<\/span><\/label><\/li><li class=\"sf-level-0 sf-item-184\" data-sf-count=\"7\" data-sf-depth=\"0\"><input  class=\"sf-input-checkbox\" type=\"checkbox\" value=\"personas-en-fronteras\" name=\"_sft_poblacion[]\" id=\"sf-input-e67f4589c818f5dda773966569aba240\"><label class=\"sf-label-checkbox\" for=\"sf-input-e67f4589c818f5dda773966569aba240\">Personas en fronteras<span class=\"sf-count\">(7)<\/span><\/label><\/li><li class=\"sf-level-0 sf-item-186\" data-sf-count=\"4\" data-sf-depth=\"0\"><input  class=\"sf-input-checkbox\" type=\"checkbox\" value=\"personas-en-situacion-de-pobreza-o-miseria\" name=\"_sft_poblacion[]\" id=\"sf-input-189c0aa97ebde0ec8e27c2e19a6c9aa9\"><label class=\"sf-label-checkbox\" for=\"sf-input-189c0aa97ebde0ec8e27c2e19a6c9aa9\">Personas en situaci\u00f3n de pobreza o mis\u00e9ria<span class=\"sf-count\">(4)<\/span><\/label><\/li><li class=\"sf-level-0 sf-item-188\" data-sf-count=\"15\" data-sf-depth=\"0\"><input  class=\"sf-input-checkbox\" type=\"checkbox\" value=\"personas-mayores\" name=\"_sft_poblacion[]\" id=\"sf-input-01eeb5e11a548cdd6b1d41f1ea2280a7\"><label class=\"sf-label-checkbox\" for=\"sf-input-01eeb5e11a548cdd6b1d41f1ea2280a7\">Personas mayores<span class=\"sf-count\">(15)<\/span><\/label><\/li><li class=\"sf-level-0 sf-item-266\" data-sf-count=\"9\" data-sf-depth=\"0\"><input  class=\"sf-input-checkbox\" type=\"checkbox\" value=\"personas-privadas-de-libertad\" name=\"_sft_poblacion[]\" id=\"sf-input-f71cdca952fa1dd461c48a8256f2e7c3\"><label class=\"sf-label-checkbox\" for=\"sf-input-f71cdca952fa1dd461c48a8256f2e7c3\">Personas privadas de libertad<span class=\"sf-count\">(9)<\/span><\/label><\/li><li class=\"sf-level-0 sf-item-196\" data-sf-count=\"3\" data-sf-depth=\"0\"><input  class=\"sf-input-checkbox\" type=\"checkbox\" value=\"poblacion-rural\" name=\"_sft_poblacion[]\" id=\"sf-input-4099d8c8e32814d66c6520155df97d95\"><label class=\"sf-label-checkbox\" for=\"sf-input-4099d8c8e32814d66c6520155df97d95\">Poblaci\u00f3n rural<span class=\"sf-count\">(3)<\/span><\/label><\/li><li class=\"sf-level-0 sf-item-191\" data-sf-count=\"6\" data-sf-depth=\"0\"><input  class=\"sf-input-checkbox\" type=\"checkbox\" value=\"populacion-de-periferia-urbana-rural\" name=\"_sft_poblacion[]\" id=\"sf-input-2d882847e24f209e4085c8690accf4ee\"><label class=\"sf-label-checkbox\" for=\"sf-input-2d882847e24f209e4085c8690accf4ee\">Populaci\u00f3n de periferia urbana\/rural<span class=\"sf-count\">(6)<\/span><\/label><\/li><li class=\"sf-level-0 sf-item-179\" data-sf-count=\"78\" data-sf-depth=\"0\"><input  class=\"sf-input-checkbox\" type=\"checkbox\" value=\"pueblos-indigenas\" name=\"_sft_poblacion[]\" id=\"sf-input-3745d2df18972ddc026c455b1d7cae95\"><label class=\"sf-label-checkbox\" for=\"sf-input-3745d2df18972ddc026c455b1d7cae95\">Pueblos ind\u00edgenas<span class=\"sf-count\">(78)<\/span><\/label><\/li><li class=\"sf-level-0 sf-item-192\" data-sf-count=\"3\" data-sf-depth=\"0\"><input  class=\"sf-input-checkbox\" type=\"checkbox\" value=\"refugiados-y-apatridas\" name=\"_sft_poblacion[]\" id=\"sf-input-bf83b96437789d1ed616603ad965d3d0\"><label class=\"sf-label-checkbox\" for=\"sf-input-bf83b96437789d1ed616603ad965d3d0\">Refugiados y ap\u00e1tridas<span class=\"sf-count\">(3)<\/span><\/label><\/li><li class=\"sf-level-0 sf-item-185\" data-sf-count=\"2\" data-sf-depth=\"0\"><input  class=\"sf-input-checkbox\" type=\"checkbox\" value=\"trabajadoras-y-trabajadores-sexuales\" name=\"_sft_poblacion[]\" id=\"sf-input-99613df37e940d4e3bf7edbb520e4dc1\"><label class=\"sf-label-checkbox\" for=\"sf-input-99613df37e940d4e3bf7edbb520e4dc1\">Trabajadoras y trabajadores sexuales<span class=\"sf-count\">(2)<\/span><\/label><\/li><li class=\"sf-level-0 sf-item-177\" data-sf-count=\"29\" data-sf-depth=\"0\"><input  class=\"sf-input-checkbox\" type=\"checkbox\" value=\"trabajadores-y-trabajadoras\" name=\"_sft_poblacion[]\" id=\"sf-input-03ef179e63ddf1fdc640eee4e586896a\"><label class=\"sf-label-checkbox\" for=\"sf-input-03ef179e63ddf1fdc640eee4e586896a\">Trabajadores y trabajadoras<span class=\"sf-count\">(29)<\/span><\/label><\/li>\t\t<\/ul>\n\t\t<\/li><li class=\"sf-field-taxonomy-tipo\" data-sf-field-name=\"_sft_tipo\" data-sf-field-type=\"taxonomy\" data-sf-field-input-type=\"checkbox\"><h4>Tipos de propuesta<\/h4>\t\t<ul data-operator=\"and\" class=\"\">\n\t\t\t\t\t  <li class=\"sf-level-0 sf-item-308\" data-sf-count=\"24\" data-sf-depth=\"0\"><input  class=\"sf-input-checkbox\" type=\"checkbox\" value=\"articulacion\" name=\"_sft_tipo[]\" id=\"sf-input-af134b4e0dcdfeeafdb6310770db73fb\"><label class=\"sf-label-checkbox\" for=\"sf-input-af134b4e0dcdfeeafdb6310770db73fb\">Articulaci\u00f3n<span class=\"sf-count\">(24)<\/span><\/label><\/li><li class=\"sf-level-0 sf-item-305\" data-sf-count=\"25\" data-sf-depth=\"0\"><input  class=\"sf-input-checkbox\" type=\"checkbox\" value=\"capacitacion\" name=\"_sft_tipo[]\" id=\"sf-input-12226dbe5c82a0967ce08400333deea8\"><label class=\"sf-label-checkbox\" for=\"sf-input-12226dbe5c82a0967ce08400333deea8\">Capacitaci\u00f3n<span class=\"sf-count\">(25)<\/span><\/label><\/li><li class=\"sf-level-0 sf-item-309\" data-sf-count=\"2\" data-sf-depth=\"0\"><input  class=\"sf-input-checkbox\" type=\"checkbox\" value=\"creacion-de-organismos-organos-nacionales-regionales\" name=\"_sft_tipo[]\" id=\"sf-input-0c228872d6dfa2cf3bf523fd618a80f9\"><label class=\"sf-label-checkbox\" for=\"sf-input-0c228872d6dfa2cf3bf523fd618a80f9\">Creaci\u00f3n de organismos\/\u00f3rganos nacionales\/regionales<span class=\"sf-count\">(2)<\/span><\/label><\/li><li class=\"sf-level-0 sf-item-306\" data-sf-count=\"33\" data-sf-depth=\"0\"><input  class=\"sf-input-checkbox\" type=\"checkbox\" value=\"estadisticas-estudios-investigaciones-o-evaluaciones\" name=\"_sft_tipo[]\" id=\"sf-input-c74a3b6c821a93278f590fd53cee797f\"><label class=\"sf-label-checkbox\" for=\"sf-input-c74a3b6c821a93278f590fd53cee797f\">Estad\u00edsticas, estudios, investigaciones o evaluaciones<span class=\"sf-count\">(33)<\/span><\/label><\/li><li class=\"sf-level-0 sf-item-301\" data-sf-count=\"60\" data-sf-depth=\"0\"><input  class=\"sf-input-checkbox\" type=\"checkbox\" value=\"fortalecimiento-institucional-asesoria-tecnica-y-gobernanza\" name=\"_sft_tipo[]\" id=\"sf-input-0c57f3b74b74132a215cf9f7108e8ad0\"><label class=\"sf-label-checkbox\" for=\"sf-input-0c57f3b74b74132a215cf9f7108e8ad0\">Fortalecimiento institucional, asesoria t\u00e9cnica y gobernanza<span class=\"sf-count\">(60)<\/span><\/label><\/li><li class=\"sf-level-0 sf-item-307\" data-sf-count=\"36\" data-sf-depth=\"0\"><input  class=\"sf-input-checkbox\" type=\"checkbox\" value=\"instrumentos-legales-juridicos-acceso-a-la-justicia\" name=\"_sft_tipo[]\" id=\"sf-input-f5cab88beb9af3fcea12a350b325f26c\"><label class=\"sf-label-checkbox\" for=\"sf-input-f5cab88beb9af3fcea12a350b325f26c\">Instrumentos legales\/jur\u00eddicos\/ Acceso a la justicia<span class=\"sf-count\">(36)<\/span><\/label><\/li><li class=\"sf-level-0 sf-item-303\" data-sf-count=\"48\" data-sf-depth=\"0\"><input  class=\"sf-input-checkbox\" type=\"checkbox\" value=\"mecanismos-de-participacion-social-y-consulta-publica\" name=\"_sft_tipo[]\" id=\"sf-input-195171d1b164f26f5f529e444294ef50\"><label class=\"sf-label-checkbox\" for=\"sf-input-195171d1b164f26f5f529e444294ef50\">Mecanismos de participaci\u00f3n social y consulta p\u00fablica<span class=\"sf-count\">(48)<\/span><\/label><\/li><li class=\"sf-level-0 sf-item-302\" data-sf-count=\"123\" data-sf-depth=\"0\"><input  class=\"sf-input-checkbox\" type=\"checkbox\" value=\"politica-publica-programas-o-proyectos\" name=\"_sft_tipo[]\" id=\"sf-input-90ef2ddfb0f848a8c0898d26f156915d\"><label class=\"sf-label-checkbox\" for=\"sf-input-90ef2ddfb0f848a8c0898d26f156915d\">Pol\u00edtica p\u00fablica, programas o proyectos<span class=\"sf-count\">(123)<\/span><\/label><\/li><li class=\"sf-level-0 sf-item-300\" data-sf-count=\"305\" data-sf-depth=\"0\"><input  class=\"sf-input-checkbox\" type=\"checkbox\" value=\"principios-rectores\" name=\"_sft_tipo[]\" id=\"sf-input-d4ab1a926c22775ee13c5584e25e105a\"><label class=\"sf-label-checkbox\" for=\"sf-input-d4ab1a926c22775ee13c5584e25e105a\">Principios rectores<span class=\"sf-count\">(305)<\/span><\/label><\/li><li class=\"sf-level-0 sf-item-304\" data-sf-count=\"23\" data-sf-depth=\"0\"><input  class=\"sf-input-checkbox\" type=\"checkbox\" value=\"sensibilizacion-y-concientizacion\" name=\"_sft_tipo[]\" id=\"sf-input-d32fc55e418d399075b52a60e90a2c74\"><label class=\"sf-label-checkbox\" for=\"sf-input-d32fc55e418d399075b52a60e90a2c74\">Sensibilizaci\u00f3n y concientizaci\u00f3n<span class=\"sf-count\">(23)<\/span><\/label><\/li>\t\t<\/ul>\n\t\t<\/li><li class=\"sf-field-tag\" data-sf-field-name=\"_sft_post_tag\" data-sf-field-type=\"tag\" data-sf-field-input-type=\"checkbox\"><h4>Tem\u00e1tica<\/h4>\t\t<ul data-operator=\"and\" class=\"\">\n\t\t\t\t\t  <li class=\"sf-level-0 sf-item-173\" data-sf-count=\"79\" data-sf-depth=\"0\"><input  class=\"sf-input-checkbox\" type=\"checkbox\" value=\"derecho-de-ninas-ninos-y-adolescentes-a-vivir-en-familia-y-alternativas-de-cuidado\" name=\"_sft_post_tag[]\" id=\"sf-input-0165e0d39833f477150f9cc00be21172\"><label class=\"sf-label-checkbox\" for=\"sf-input-0165e0d39833f477150f9cc00be21172\">Derecho de Ni\u00f1as, Ni\u00f1os y Adolescentes a Vivir en Familia y Alternativas de Cuidado<span class=\"sf-count\">(79)<\/span><\/label><\/li><li class=\"sf-level-0 sf-item-159\" data-sf-count=\"7\" data-sf-depth=\"0\"><input  class=\"sf-input-checkbox\" type=\"checkbox\" value=\"educacion-y-cultura-en-derechos-humanos\" name=\"_sft_post_tag[]\" id=\"sf-input-5c059bd0189088f816c5aef2459a7868\"><label class=\"sf-label-checkbox\" for=\"sf-input-5c059bd0189088f816c5aef2459a7868\">Educaci\u00f3n y Cultura en Derechos Humanos<span class=\"sf-count\">(7)<\/span><\/label><\/li><li class=\"sf-level-0 sf-item-286\" data-sf-count=\"3\" data-sf-depth=\"0\"><input  class=\"sf-input-checkbox\" type=\"checkbox\" value=\"memoria-verdad-y-justicia\" name=\"_sft_post_tag[]\" id=\"sf-input-e12d0c8bebdc135621c803c00395a6ff\"><label class=\"sf-label-checkbox\" for=\"sf-input-e12d0c8bebdc135621c803c00395a6ff\">Memoria, verdad y justicia<span class=\"sf-count\">(3)<\/span><\/label><\/li><li class=\"sf-level-0 sf-item-167\" data-sf-count=\"79\" data-sf-depth=\"0\"><input  class=\"sf-input-checkbox\" type=\"checkbox\" value=\"movilidad-humana\" name=\"_sft_post_tag[]\" id=\"sf-input-144d73805520ebc2656cdc0ff70cd4f9\"><label class=\"sf-label-checkbox\" for=\"sf-input-144d73805520ebc2656cdc0ff70cd4f9\">Movilidad Humana<span class=\"sf-count\">(79)<\/span><\/label><\/li><li class=\"sf-level-0 sf-item-163\" data-sf-count=\"66\" data-sf-depth=\"0\"><input  class=\"sf-input-checkbox\" type=\"checkbox\" value=\"ninas-ninos-y-adolescentes\" name=\"_sft_post_tag[]\" id=\"sf-input-2cf0fb082bc7493223b47b1355bf4807\"><label class=\"sf-label-checkbox\" for=\"sf-input-2cf0fb082bc7493223b47b1355bf4807\">Ni\u00f1as, Ni\u00f1os y Adolescentes<span class=\"sf-count\">(66)<\/span><\/label><\/li><li class=\"sf-level-0 sf-item-161\" data-sf-count=\"85\" data-sf-depth=\"0\"><input  class=\"sf-input-checkbox\" type=\"checkbox\" value=\"personas-lgbti\" name=\"_sft_post_tag[]\" id=\"sf-input-abfb428889cc1626363005c79f6c3227\"><label class=\"sf-label-checkbox\" for=\"sf-input-abfb428889cc1626363005c79f6c3227\">Personas LGBTI<span class=\"sf-count\">(85)<\/span><\/label><\/li><li class=\"sf-level-0 sf-item-171\" data-sf-count=\"128\" data-sf-depth=\"0\"><input  class=\"sf-input-checkbox\" type=\"checkbox\" value=\"politicas-publicas-para-afrodescendientes\" name=\"_sft_post_tag[]\" id=\"sf-input-edb62749c1cc2627597bff90c7242ddd\"><label class=\"sf-label-checkbox\" for=\"sf-input-edb62749c1cc2627597bff90c7242ddd\">Politicas P\u00fablicas para Afrodescendientes<span class=\"sf-count\">(128)<\/span><\/label><\/li><li class=\"sf-level-0 sf-item-165\" data-sf-count=\"17\" data-sf-depth=\"0\"><input  class=\"sf-input-checkbox\" type=\"checkbox\" value=\"politicas-publicas-regionales-para-personas-mayores\" name=\"_sft_post_tag[]\" id=\"sf-input-b6f7268aa243fa9ce07d78191dac2a82\"><label class=\"sf-label-checkbox\" for=\"sf-input-b6f7268aa243fa9ce07d78191dac2a82\">Pol\u00edticas P\u00fablicas Regionales para Personas Mayores<span class=\"sf-count\">(17)<\/span><\/label><\/li><li class=\"sf-level-0 sf-item-169\" data-sf-count=\"71\" data-sf-depth=\"0\"><input  class=\"sf-input-checkbox\" type=\"checkbox\" value=\"proteccion-de-las-mujeres\" name=\"_sft_post_tag[]\" id=\"sf-input-b20c655b1171e9578d69be602d5b3113\"><label class=\"sf-label-checkbox\" for=\"sf-input-b20c655b1171e9578d69be602d5b3113\">Protecci\u00f3n de las mujeres<span class=\"sf-count\">(71)<\/span><\/label><\/li><li class=\"sf-level-0 sf-item-175\" data-sf-count=\"121\" data-sf-depth=\"0\"><input  class=\"sf-input-checkbox\" type=\"checkbox\" value=\"pueblos-indigenas\" name=\"_sft_post_tag[]\" id=\"sf-input-781e8003029a3d58403d732c010e3f90\"><label class=\"sf-label-checkbox\" for=\"sf-input-781e8003029a3d58403d732c010e3f90\">Pueblos ind\u00edgenas<span class=\"sf-count\">(121)<\/span><\/label><\/li><li class=\"sf-level-0 sf-item-157\" data-sf-count=\"23\" data-sf-depth=\"0\"><input  class=\"sf-input-checkbox\" type=\"checkbox\" value=\"trata-de-personas\" name=\"_sft_post_tag[]\" id=\"sf-input-00aa70507c3bba02d8a5de17400cc1c4\"><label class=\"sf-label-checkbox\" for=\"sf-input-00aa70507c3bba02d8a5de17400cc1c4\">Trata de personas<span class=\"sf-count\">(23)<\/span><\/label><\/li>\t\t<\/ul>\n\t\t<\/li><\/ul><input type=\"hidden\" name=\"trp-form-language\" value=\"pt\"\/><\/form>\n<\/div>\n<\/div>\n\n\n\n<div class=\"wp-block-column is-layout-flow wp-block-column-is-layout-flow\" style=\"flex-basis:66.66%\"><div class=\"search-filter-results\" id=\"search-filter-results-18943\"><div class=\"search-filter-results row mb-4\" id=\"search-filter-results-18943\"><div class=\"col-4 d-flex align-items-center\"><p><strong>679 propuestas encontradas<\/strong><\/p><\/div><nav aria-label=\"Page navigation\" class=\"col-8\"><ul class=\"pagination justify-content-end\"><li class=\"page-item disabled\"><a class=\"page-link\" href=\"#\" aria-label=\"Anterior\"><span aria-hidden=\"true\">&laquo;<\/span><\/a><\/li><li class=\"page-item active\"><a class=\"page-link\" href=\"\">1<\/a><\/li><li class=\"page-item\"><a class=\"page-link\" href=\"?sf_paged=2\">2<\/a><\/li><li class=\"page-item\"><a class=\"page-link\" href=\"?sf_paged=3\">3<\/a><\/li><li class=\"page-item disabled\"><span class=\"page-link\">...<\/span><\/li><li class=\"page-item\"><a class=\"page-link\" href=\"?sf_paged=46\">46<\/a><\/li><li class=\"page-item\"><a class=\"page-link\" href=\"?sf_paged=2\" aria-label=\"Siguiente\"><span aria-hidden=\"true\">&raquo;<\/span><\/a><\/li><\/ul><\/nav><\/div>        <div class=\"search-result-item\">\r\n            <div class=\"consulta_ano_pob\"><strong>2020<\/strong>\u00a0 \u00a0 \u00a0 <span class=\"badge bg-secondary\">Mujeres<\/span><\/div>\r\n<h4>Promover, por medio de la educaci\u00f3n, instancias de capacitaci\u00f3n, sensibilizaci\u00f3n y concientizaci\u00f3n dirigidas a ni\u00f1os, adolescentes y hombres adultos respecto de los impactos de la violencia por razones de g\u00e9nero.<\/h4>\r\n<div class=\"consulta_tipo_eje_tema\">\r\n\r\nTipo de propuesta: Pol\u00edtica p\u00fablica, programas o proyectos\r\n\r\nEje de la consulta: Intercambios de experiencias de campa\u00f1as de prevenci\u00f3n y concientizaci\u00f3n\r\n\r\nTem\u00e1tica:\u00a0 Protecci\u00f3n de las mujeres\r\n\r\n<\/div>        <\/div>\r\n        <hr class=\"result-divider\" \/>\r\n                <div class=\"search-result-item\">\r\n            <div class=\"consulta_ano_pob\"><strong>2020<\/strong>\u00a0 \u00a0 \u00a0 <span class=\"badge bg-secondary\">Ni\u00f1os, ni\u00f1as y adolescentes<\/span><\/div>\n<h4>Promover, por medio de la educaci\u00f3n, instancias de capacitaci\u00f3n, sensibilizaci\u00f3n y concientizaci\u00f3n dirigidas a ni\u00f1os, adolescentes y hombres adultos respecto de los impactos de la violencia por razones de g\u00e9nero.<\/h4>\n<div class=\"consulta_tipo_eje_tema\">\n<p>Tipo de propuesta: Pol\u00edtica p\u00fablica, programas o proyectos<\/p>\n<p>Eje de la consulta: Intercambios de experiencias de campa\u00f1as de prevenci\u00f3n y concientizaci\u00f3n<\/p>\n<p>Tem\u00e1tica:\u00a0 Protecci\u00f3n de las mujeres<\/p>\n<\/div>\n        <\/div>\r\n        <hr class=\"result-divider\" \/>\r\n                <div class=\"search-result-item\">\r\n            <div class=\"consulta_ano_pob\"><strong>2020<\/strong>\u00a0 \u00a0 \u00a0 <span class=\"badge bg-secondary\">Mujeres<\/span><\/div>\n<h4>Brindar informaci\u00f3n y asesoramiento adecuados en perspectiva de g\u00e9nero a empresas del sector privado, sobre todo en el contexto COVID-19, donde se evidencia una superposici\u00f3n y sobrecarga en las tareas realizadas por las mujeres<\/h4>\n<div class=\"consulta_tipo_eje_tema\">\n<p>Tipo de propuesta: Fortalecimiento institucional, asesoria t\u00e9cnica y gobernanza<\/p>\n<p>Eje de la consulta: Intercambios de experiencias de campa\u00f1as de prevenci\u00f3n y concientizaci\u00f3n<\/p>\n<p>Tem\u00e1tica:\u00a0 Protecci\u00f3n de las mujeres<\/p>\n<\/div>\n        <\/div>\r\n        <hr class=\"result-divider\" \/>\r\n                <div class=\"search-result-item\">\r\n            <div class=\"consulta_ano_pob\"><strong>2020<\/strong>\u00a0 \u00a0 \u00a0 <span class=\"badge bg-secondary\">Mujeres<\/span><\/div>\n<h4>Incentivar la capacitaci\u00f3n en perspectiva g\u00e9nero de los funcionarios y funcionarias p\u00fablicas para la atenci\u00f3n de mujeres en situaci\u00f3n de violencia por razones de g\u00e9nero.<\/h4>\n<div class=\"consulta_tipo_eje_tema\">\n<p>Tipo de propuesta: Capacitaci\u00f3n<\/p>\n<p>Eje de la consulta: Intercambios de experiencias de campa\u00f1as de prevenci\u00f3n y concientizaci\u00f3n<\/p>\n<p>Tem\u00e1tica:\u00a0 Protecci\u00f3n de las mujeres<\/p>\n<\/div>\n        <\/div>\r\n        <hr class=\"result-divider\" \/>\r\n                <div class=\"search-result-item\">\r\n            <div class=\"consulta_ano_pob\"><strong>2020<\/strong>\u00a0 \u00a0 \u00a0 <span class=\"badge bg-secondary\">Mujeres<\/span><\/div>\n<h4>Asegurar la implementaci\u00f3n de acciones de cooperaci\u00f3n t\u00e9cnica dirigidas a la promoci\u00f3n de la salud mental de las mujeres en la regi\u00f3n.<\/h4>\n<div class=\"consulta_tipo_eje_tema\">\n<p>Tipo de propuesta: Fortalecimiento institucional, asesoria t\u00e9cnica y gobernanza<\/p>\n<p>Eje de la consulta: Intercambios de experiencias de campa\u00f1as de prevenci\u00f3n y concientizaci\u00f3n<\/p>\n<p>Tem\u00e1tica:\u00a0 Protecci\u00f3n de las mujeres<\/p>\n<\/div>\n        <\/div>\r\n        <hr class=\"result-divider\" \/>\r\n                <div class=\"search-result-item\">\r\n            <div class=\"consulta_ano_pob\"><strong>2020<\/strong>\u00a0 \u00a0 \u00a0 <span class=\"badge bg-secondary\">Mujeres<\/span><\/div>\n<h4>Establecer estrategias de cooperaci\u00f3n regional que aborden la violencia por razones de g\u00e9nero como un fen\u00f3meno sist\u00e9mico y brinden una atenci\u00f3n hol\u00edstica a las mujeres v\u00edctimas de violencia.<\/h4>\n<div class=\"consulta_tipo_eje_tema\">\n<p>Tipo de propuesta: Pol\u00edtica p\u00fablica, programas o proyectos<\/p>\n<p>Eje de la consulta: Intercambios de experiencias de campa\u00f1as de prevenci\u00f3n y concientizaci\u00f3n<\/p>\n<p>Tem\u00e1tica:\u00a0 Protecci\u00f3n de las mujeres<\/p>\n<\/div>\n        <\/div>\r\n        <hr class=\"result-divider\" \/>\r\n                <div class=\"search-result-item\">\r\n            <div class=\"consulta_ano_pob\"><strong>2020<\/strong>\u00a0 \u00a0 \u00a0 <span class=\"badge bg-secondary\">Mujeres<\/span><\/div>\n<h4>Incentivar a los Estados a que implementen redes de cuidados para mujeres en situaci\u00f3n de violencia por razones de g\u00e9nero.<\/h4>\n<div class=\"consulta_tipo_eje_tema\">\n<p>Tipo de propuesta: Pol\u00edtica p\u00fablica, programas o proyectos<\/p>\n<p>Eje de la consulta: Intercambios de experiencias de campa\u00f1as de prevenci\u00f3n y concientizaci\u00f3n<\/p>\n<p>Tem\u00e1tica:\u00a0 Protecci\u00f3n de las mujeres<\/p>\n<\/div>\n        <\/div>\r\n        <hr class=\"result-divider\" \/>\r\n                <div class=\"search-result-item\">\r\n            <div class=\"consulta_ano_pob\"><strong>2020<\/strong>\u00a0 \u00a0 \u00a0 <span class=\"badge bg-secondary\">Mujeres<\/span><\/div>\n<h4>Promover trabajos conjuntos entre las diferentes instancias gubernamentales y movimientos y organizaciones sociales para erradicar la violencia por razones de g\u00e9nero en la regi\u00f3n.<\/h4>\n<div class=\"consulta_tipo_eje_tema\">\n<p>Tipo de propuesta: Articulaci\u00f3n<\/p>\n<p>Eje de la consulta: Intercambios de experiencias de campa\u00f1as de prevenci\u00f3n y concientizaci\u00f3n<\/p>\n<p>Tem\u00e1tica:\u00a0 Protecci\u00f3n de las mujeres<\/p>\n<\/div>\n        <\/div>\r\n        <hr class=\"result-divider\" \/>\r\n                <div class=\"search-result-item\">\r\n            <div class=\"consulta_ano_pob\"><strong>2020<\/strong>\u00a0 \u00a0 \u00a0 <span class=\"badge bg-secondary\">Mujeres<\/span><\/div>\n<h4>Promover la creaci\u00f3n de redes de apoyo y contenci\u00f3n para rescatar a v\u00edctimas de violencia dom\u00e9stica y violencia por razones de g\u00e9nero.<\/h4>\n<div class=\"consulta_tipo_eje_tema\">\n<p>Tipo de propuesta: Pol\u00edtica p\u00fablica, programas o proyectos<\/p>\n<p>Eje de la consulta: Intercambios de experiencias de campa\u00f1as de prevenci\u00f3n y concientizaci\u00f3n<\/p>\n<p>Tem\u00e1tica:\u00a0 Protecci\u00f3n de las mujeres<\/p>\n<\/div>\n        <\/div>\r\n        <hr class=\"result-divider\" \/>\r\n                <div class=\"search-result-item\">\r\n            <div class=\"consulta_ano_pob\"><strong>2020<\/strong>\u00a0 \u00a0 \u00a0 <span class=\"badge bg-secondary\">Mujeres<\/span><\/div>\n<h4>Promover grupos voluntarios de escucha para aplacar y sobrellevar la carga mental excesiva que viven las mujeres en contexto de COVID-19<\/h4>\n<div class=\"consulta_tipo_eje_tema\">\n<p>Tipo de propuesta: Pol\u00edtica p\u00fablica, programas o proyectos<\/p>\n<p>Eje de la consulta: Intercambios de experiencias de campa\u00f1as de prevenci\u00f3n y concientizaci\u00f3n<\/p>\n<p>Tem\u00e1tica:\u00a0 Protecci\u00f3n de las mujeres<\/p>\n<\/div>\n        <\/div>\r\n        <hr class=\"result-divider\" \/>\r\n                <div class=\"search-result-item\">\r\n            <div class=\"consulta_ano_pob\"><strong>2020<\/strong>\u00a0 \u00a0 \u00a0 <span class=\"badge bg-secondary\">Mujeres<\/span><\/div>\n<h4>Incentivar la incorporaci\u00f3n de la perspectiva de g\u00e9nero en carreras de comunicaci\u00f3n social y periodismo para cambiar la mirada de los medios de comunicaci\u00f3n hacia un enfoque de derechos humanos y de g\u00e9nero.<\/h4>\n<div class=\"consulta_tipo_eje_tema\">\n<p>Tipo de propuesta: Principios rectores<\/p>\n<p>Eje de la consulta: Acceso a la justicia y medidas legislativas para protecci\u00f3n de mujeres v\u00edctimas de violencia y para sanci\u00f3n de agresores y feminicidas<\/p>\n<p>Tem\u00e1tica:\u00a0 Protecci\u00f3n de las mujeres<\/p>\n<\/div>\n        <\/div>\r\n        <hr class=\"result-divider\" \/>\r\n                <div class=\"search-result-item\">\r\n            <div class=\"consulta_ano_pob\"><strong>2020<\/strong>\u00a0 \u00a0 \u00a0 <span class=\"badge bg-secondary\">Mujeres<\/span><\/div>\n<h4>Incorporar a las campa\u00f1as comunicacionales, en el contexto de la pandemia, la perspectiva de g\u00e9nero para evitar consignas que provoquen contradicci\u00f3n como, por ejemplo, \u201cqu\u00e9date en casa\u201d.<\/h4>\n<div class=\"consulta_tipo_eje_tema\">\n<p>Tipo de propuesta: Sensibilizaci\u00f3n y concientizaci\u00f3n<\/p>\n<p>Eje de la consulta: Acceso a la justicia y medidas legislativas para protecci\u00f3n de mujeres v\u00edctimas de violencia y para sanci\u00f3n de agresores y feminicidas<\/p>\n<p>Tem\u00e1tica:\u00a0 Protecci\u00f3n de las mujeres<\/p>\n<\/div>\n        <\/div>\r\n        <hr class=\"result-divider\" \/>\r\n                <div class=\"search-result-item\">\r\n            <div class=\"consulta_ano_pob\"><strong>2020<\/strong>\u00a0 \u00a0 \u00a0 <span class=\"badge bg-secondary\">Mujeres<\/span><\/div>\n<h4>Promover pol\u00edticas p\u00fablicas que aborden la tem\u00e1tica de violencia por razones de g\u00e9nero desde un enfoque interseccional<\/h4>\n<div class=\"consulta_tipo_eje_tema\">\n<p>Tipo de propuesta: Pol\u00edtica p\u00fablica, programas o proyectos<\/p>\n<p>Eje de la consulta: Acceso a la justicia y medidas legislativas para protecci\u00f3n de mujeres v\u00edctimas de violencia y para sanci\u00f3n de agresores y feminicidas<\/p>\n<p>Tem\u00e1tica:\u00a0 Protecci\u00f3n de las mujeres<\/p>\n<\/div>\n        <\/div>\r\n        <hr class=\"result-divider\" \/>\r\n                <div class=\"search-result-item\">\r\n            <div class=\"consulta_ano_pob\"><strong>2020<\/strong>\u00a0 \u00a0 \u00a0 <span class=\"badge bg-secondary\">Mujeres<\/span><\/div>\n<h4>Promover campa\u00f1as de sensibilizaci\u00f3n con perspectiva de g\u00e9nero con el objetivo de educar a ciudadanos y ciudadanas a intervenir y solidarizarse ante situaciones de violencia dom\u00e9stica y violencia por razones de g\u00e9nero.<\/h4>\n<div class=\"consulta_tipo_eje_tema\">\n<p>Tipo de propuesta: Sensibilizaci\u00f3n y concientizaci\u00f3n<\/p>\n<p>Eje de la consulta: Intercambios de experiencias de campa\u00f1as de prevenci\u00f3n y concientizaci\u00f3n<\/p>\n<p>Tem\u00e1tica:\u00a0 Protecci\u00f3n de las mujeres<\/p>\n<\/div>\n        <\/div>\r\n        <hr class=\"result-divider\" \/>\r\n                <div class=\"search-result-item\">\r\n            <div class=\"consulta_ano_pob\"><strong>2020<\/strong>\u00a0 \u00a0 \u00a0 <span class=\"badge bg-secondary\">Mujeres<\/span><\/div>\n<h4>Promover campa\u00f1as de visibilizaci\u00f3n sobre la violencia sist\u00e9mica de g\u00e9nero que trasciende el \u00e1mbito dom\u00e9stico y afecta a mujeres en los \u00e1mbitos profesionales, acad\u00e9micos, sociales, entre otros.<\/h4>\n<div class=\"consulta_tipo_eje_tema\">\n<p>Tipo de propuesta: Sensibilizaci\u00f3n y concientizaci\u00f3n<\/p>\n<p>Eje de la consulta: Intercambios de experiencias de campa\u00f1as de prevenci\u00f3n y concientizaci\u00f3n<\/p>\n<p>Tem\u00e1tica:\u00a0 Protecci\u00f3n de las mujeres<\/p>\n<\/div>\n        <\/div>\r\n        <hr class=\"result-divider\" \/>\r\n        <\/div><\/div>\n<\/div>\n<\/div>","protected":false},"excerpt":{"rendered":"","protected":false},"author":1,"featured_media":0,"parent":0,"menu_order":0,"comment_status":"closed","ping_status":"closed","template":"","meta":{"_acf_changed":false,"footnotes":""},"class_list":["post-46","page","type-page","status-publish","hentry"],"acf":[],"_links":{"self":[{"href":"https:\/\/dialogosocial.ippdh.mercosur.int\/pt\/wp-json\/wp\/v2\/pages\/46","targetHints":{"allow":["GET"]}}],"collection":[{"href":"https:\/\/dialogosocial.ippdh.mercosur.int\/pt\/wp-json\/wp\/v2\/pages"}],"about":[{"href":"https:\/\/dialogosocial.ippdh.mercosur.int\/pt\/wp-json\/wp\/v2\/types\/page"}],"author":[{"embeddable":true,"href":"https:\/\/dialogosocial.ippdh.mercosur.int\/pt\/wp-json\/wp\/v2\/users\/1"}],"replies":[{"embeddable":true,"href":"https:\/\/dialogosocial.ippdh.mercosur.int\/pt\/wp-json\/wp\/v2\/comments?post=46"}],"version-history":[{"count":0,"href":"https:\/\/dialogosocial.ippdh.mercosur.int\/pt\/wp-json\/wp\/v2\/pages\/46\/revisions"}],"wp:attachment":[{"href":"https:\/\/dialogosocial.ippdh.mercosur.int\/pt\/wp-json\/wp\/v2\/media?parent=46"}],"curies":[{"name":"wp","href":"https:\/\/api.w.org\/{rel}","templated":true}]}}